{"id":3113,"date":"2024-06-25T18:08:25","date_gmt":"2024-06-25T22:08:25","guid":{"rendered":"https:\/\/brightstartcaledon.com\/program\/ensemble-lgt\/"},"modified":"2024-06-25T18:08:25","modified_gmt":"2024-06-25T22:08:25","slug":"ensemble-lgt","status":"publish","type":"program","link":"https:\/\/brightstartcaledon.com\/fr\/program\/ensemble-lgt\/","title":{"rendered":"Ensemble (LGT)"},"content":{"rendered":"<p>Let&rsquo;s Get Together CARES (Community . Advocacy . Resources . Empowerment . Support) Un groupe de soutien bimensuel pour ceux qui partagent l&rsquo;exp\u00e9rience d&rsquo;\u00e9lever un enfant aux capacit\u00e9s diverses \u00e2g\u00e9 de 0 \u00e0 8 ans. Ce groupe est dirig\u00e9 par les parents et fournit aux familles des ressources, des r\u00e9seaux et des informations pour les pr\u00e9parer aux joies et aux d\u00e9fis de l&rsquo;\u00e9ducation d&rsquo;un enfant aux capacit\u00e9s diverses. Entrez en contact avec d&rsquo;autres personnes, b\u00e9n\u00e9ficiez de perspectives et partagez, tout en examinant les nombreuses questions sans r\u00e9ponse que soul\u00e8ve le fait d&rsquo;\u00eatre parent d&rsquo;un enfant aux capacit\u00e9s diverses. Les activit\u00e9s de groupe se concentreront sur le renforcement des capacit\u00e9s des familles dans un cadre s\u00fbr, confidentiel et respectueux. Les enfants prendront plaisir \u00e0 jouer et \u00e0 participer \u00e0 des activit\u00e9s sociales. Les parents pourront partager leurs connaissances et leurs ressources. Des collaborations professionnelles et des intervenants invit\u00e9s auront lieu. Ce programme s&rsquo;adresse \u00e0 tous les membres des familles participantes. Les fr\u00e8res et s\u0153urs et les membres de la famille \u00e9largie sont les bienvenus. Pour que quelqu&rsquo;un vous contacte avec plus d&rsquo;informations sur LGT, cliquez sur <a href=\"https:\/\/forms.office.com\/r\/REakQGibxK\">ce lien<\/a>.<\/p>\n","protected":false},"excerpt":{"rendered":"<p>Let&rsquo;s Get Together CARES (Community . Advocacy . Resources . Empowerment . Support) Un groupe de soutien bimensuel pour ceux qui partagent l&rsquo;exp\u00e9rience d&rsquo;\u00e9lever un enfant aux capacit\u00e9s diverses \u00e2g\u00e9 de 0 \u00e0 8 ans. Ce groupe est dirig\u00e9 par les parents et fournit aux familles des ressources, des r\u00e9seaux et des informations pour les [&hellip;]<\/p>\n","protected":false},"featured_media":2956,"template":"","environment":[51],"age":[49,53],"class_list":["post-3113","program","type-program","status-publish","has-post-thumbnail","hentry","environment-interieur-fr","age-soutien-aux-familles","age-tous-les-ages"],"meta_box":{"from_age":"0","from_age_unit":"Ann\u00e9es","to_age":"8","to_age_unit":"Ann\u00e9es","parents-only":"","registration_required":"1","program_duration":"120","program_notice":""},"_links":{"self":[{"href":"https:\/\/brightstartcaledon.com\/fr\/wp-json\/wp\/v2\/program\/3113","targetHints":{"allow":["GET"]}}],"collection":[{"href":"https:\/\/brightstartcaledon.com\/fr\/wp-json\/wp\/v2\/program"}],"about":[{"href":"https:\/\/brightstartcaledon.com\/fr\/wp-json\/wp\/v2\/types\/program"}],"version-history":[{"count":0,"href":"https:\/\/brightstartcaledon.com\/fr\/wp-json\/wp\/v2\/program\/3113\/revisions"}],"wp:featuredmedia":[{"embeddable":true,"href":"https:\/\/brightstartcaledon.com\/fr\/wp-json\/wp\/v2\/media\/2956"}],"wp:attachment":[{"href":"https:\/\/brightstartcaledon.com\/fr\/wp-json\/wp\/v2\/media?parent=3113"}],"wp:term":[{"taxonomy":"environment","embeddable":true,"href":"https:\/\/brightstartcaledon.com\/fr\/wp-json\/wp\/v2\/environment?post=3113"},{"taxonomy":"age","embeddable":true,"href":"https:\/\/brightstartcaledon.com\/fr\/wp-json\/wp\/v2\/age?post=3113"}],"curies":[{"name":"wp","href":"https:\/\/api.w.org\/{rel}","templated":true}]}}